{"id":1309,"date":"2023-08-29T14:02:47","date_gmt":"2023-08-29T13:02:47","guid":{"rendered":"https:\/\/www.chagallsansm.fr\/?page_id=1309"},"modified":"2024-05-22T22:54:05","modified_gmt":"2024-05-22T21:54:05","slug":"projets-in-situ","status":"publish","type":"page","link":"https:\/\/www.chagallsansm.fr\/index.php\/projets-in-situ\/","title":{"rendered":"PROJETS IN SITU"},"content":{"rendered":"\n<p class=\"has-x-large-font-size\">Performances &amp; Vid\u00e9os&nbsp;<\/p>\n\n\n\n<p>\u25ba <strong><em>Performance Cassandre <\/em><\/strong>|| 2019 \u2013 \u00c9galit\u00e9 F\/H \u2013 Commande (Ma Sph\u00e8re)<\/p>\n\n\n\n<figure class=\"wp-block-image size-large\"><a href=\"www.chagallsansm.fr\/priseclairecassandre.wav\" target=\"_blank\" rel=\"noreferrer noopener\"><img decoding=\"async\" loading=\"lazy\" width=\"1024\" height=\"683\" src=\"http:\/\/www.chagallsansm.fr\/wp-content\/uploads\/2023\/08\/P1022276-1024x683.jpg\" alt=\"\" class=\"wp-image-1389\" srcset=\"https:\/\/www.chagallsansm.fr\/wp-content\/uploads\/2023\/08\/P1022276-1024x683.jpg 1024w, https:\/\/www.chagallsansm.fr\/wp-content\/uploads\/2023\/08\/P1022276-300x200.jpg 300w, https:\/\/www.chagallsansm.fr\/wp-content\/uploads\/2023\/08\/P1022276-768x512.jpg 768w, https:\/\/www.chagallsansm.fr\/wp-content\/uploads\/2023\/08\/P1022276-1536x1024.jpg 1536w, https:\/\/www.chagallsansm.fr\/wp-content\/uploads\/2023\/08\/P1022276-2048x1365.jpg 2048w\" sizes=\"(max-width: 1024px) 100vw, 1024px\" \/><\/a><figcaption class=\"wp-element-caption\"><sub>Cr\u00e9dit : Franck Lombard<\/sub><\/figcaption><\/figure>\n\n\n\n<p class=\"has-custom-couleur-1-color has-text-color\"><a href=\"http:\/\/www.chagallsansm.fr\/cassandredossier.pdf\" target=\"_blank\" rel=\"noopener\" title=\"\">TELECHARGER LE DOSSIER CASSANDRE EN CLIQUANT ICI<\/a><br><br>et \u00e9couter : https:\/\/www.chagallsansm.fr\/prise_claire_cassandre.wav<\/p>\n\n\n\n<p><\/p>\n\n\n\n<p><br>\u25ba<strong><em>Performance Gladiator<\/em><\/strong> <strong><em> <\/em><\/strong>|| 2017 \u2013 \u00c9galit\u00e9 F\/H<\/p>\n\n\n\n<p>Performance cr\u00e9\u00e9e pour le Festival Big Bang -HTH<\/p>\n\n\n\n<figure class=\"wp-block-image size-large\"><a href=\"http:\/\/www.chagallsansm.fr\/wp-content\/uploads\/2016\/10\/MG1_4294.jpg\"><img decoding=\"async\" loading=\"lazy\" width=\"1024\" height=\"710\" src=\"http:\/\/www.chagallsansm.fr\/wp-content\/uploads\/2016\/10\/MG1_4294-1024x710.jpg\" alt=\"\" class=\"wp-image-595\" srcset=\"https:\/\/www.chagallsansm.fr\/wp-content\/uploads\/2016\/10\/MG1_4294-1024x710.jpg 1024w, https:\/\/www.chagallsansm.fr\/wp-content\/uploads\/2016\/10\/MG1_4294-300x208.jpg 300w\" sizes=\"(max-width: 1024px) 100vw, 1024px\" \/><\/a><figcaption class=\"wp-element-caption\"><sub>Cr\u00e9dit : Marc Ginot<\/sub><\/figcaption><\/figure>\n\n\n\n<p><\/p>\n\n\n\n<p><br><strong><em>\u25baPerformance The man I love <\/em><\/strong>|| 2011 \u2013 Violences Conjugales <\/p>\n\n\n\n<p>Performance cr\u00e9\u00e9e \u00e0 Millau (12) dans la cadre du<a href=\"https:\/\/www.chagallsansm.fr\/index.php\/2016\/10\/11\/projet-2015-2018-copernic\/\"> projet L<\/a>a Femme qui Marchait dans les Portes \u2013 Commande (DRDF Aveyron)<\/p>\n\n\n\n<figure class=\"wp-block-image size-full\"><a href=\"https:\/\/www.dailymotion.com\/video\/xmu1an\" target=\"_blank\" rel=\"noreferrer noopener\"><img decoding=\"async\" loading=\"lazy\" width=\"582\" height=\"372\" src=\"http:\/\/www.chagallsansm.fr\/wp-content\/uploads\/2015\/06\/The-man-I-love.png\" alt=\"\" class=\"wp-image-246\" srcset=\"https:\/\/www.chagallsansm.fr\/wp-content\/uploads\/2015\/06\/The-man-I-love.png 582w, https:\/\/www.chagallsansm.fr\/wp-content\/uploads\/2015\/06\/The-man-I-love-300x192.png 300w\" sizes=\"(max-width: 582px) 100vw, 582px\" \/><\/a><figcaption class=\"wp-element-caption\"><sub>Captation : Laurent Rojol<\/sub><\/figcaption><\/figure>\n\n\n\n<p><br><br>\u25ba<strong><em>Perfomance \u2018Bonjour Monsieur Dolla \u2018<\/em><\/strong> || 2009 \u2013 Art et Litt\u00e9rature<\/p>\n\n\n\n<p>Performance cr\u00e9\u00e9e \u00e0 Vitry\/Seine (94) \u2013 Commande (Mac\/Val)<\/p>\n\n\n\n<figure class=\"wp-block-image size-large is-resized\"><a href=\"http:\/\/www.dailymotion.com\/video\/x35ml9b\" target=\"_blank\" rel=\"noreferrer noopener\"><img decoding=\"async\" loading=\"lazy\" width=\"1024\" height=\"764\" src=\"http:\/\/www.chagallsansm.fr\/wp-content\/uploads\/2023\/08\/Capture-decran-2023-08-29-a-15.07.38-1024x764.png\" alt=\"\" class=\"wp-image-1394\" style=\"width:580px;height:433px\" srcset=\"https:\/\/www.chagallsansm.fr\/wp-content\/uploads\/2023\/08\/Capture-decran-2023-08-29-a-15.07.38-1024x764.png 1024w, https:\/\/www.chagallsansm.fr\/wp-content\/uploads\/2023\/08\/Capture-decran-2023-08-29-a-15.07.38-300x224.png 300w, https:\/\/www.chagallsansm.fr\/wp-content\/uploads\/2023\/08\/Capture-decran-2023-08-29-a-15.07.38-768x573.png 768w, https:\/\/www.chagallsansm.fr\/wp-content\/uploads\/2023\/08\/Capture-decran-2023-08-29-a-15.07.38.png 1292w\" sizes=\"(max-width: 1024px) 100vw, 1024px\" \/><\/a><figcaption class=\"wp-element-caption\"><sub>Captation : Mac\/Val<\/sub><\/figcaption><\/figure>\n\n\n\n<p><\/p>\n","protected":false},"excerpt":{"rendered":"<p>Performances &amp; Vid\u00e9os&nbsp; \u25ba Performance Cassandre || 2019 \u2013 \u00c9galit\u00e9 F\/H \u2013 Commande (Ma Sph\u00e8re) TELECHARGER LE DOSSIER CASSANDRE EN CLIQUANT ICI et \u00e9couter : https:\/\/www.chagallsansm.fr\/prise_claire_cassandre.wav \u25baPerformance Gladiator || 2017 \u2013 \u00c9galit\u00e9 F\/H Performance cr\u00e9\u00e9e pour le Festival Big Bang -HTH \u25baPerformance The man I love || 2011 \u2013 Violences Conjugales Performance cr\u00e9\u00e9e \u00e0 Millau [&hellip;]<\/p>\n","protected":false},"author":1,"featured_media":0,"parent":0,"menu_order":0,"comment_status":"closed","ping_status":"closed","template":"","meta":{"ngg_post_thumbnail":0,"footnotes":""},"aioseo_notices":[],"_links":{"self":[{"href":"https:\/\/www.chagallsansm.fr\/index.php\/wp-json\/wp\/v2\/pages\/1309"}],"collection":[{"href":"https:\/\/www.chagallsansm.fr\/index.php\/wp-json\/wp\/v2\/pages"}],"about":[{"href":"https:\/\/www.chagallsansm.fr\/index.php\/wp-json\/wp\/v2\/types\/page"}],"author":[{"embeddable":true,"href":"https:\/\/www.chagallsansm.fr\/index.php\/wp-json\/wp\/v2\/users\/1"}],"replies":[{"embeddable":true,"href":"https:\/\/www.chagallsansm.fr\/index.php\/wp-json\/wp\/v2\/comments?post=1309"}],"version-history":[{"count":12,"href":"https:\/\/www.chagallsansm.fr\/index.php\/wp-json\/wp\/v2\/pages\/1309\/revisions"}],"predecessor-version":[{"id":1517,"href":"https:\/\/www.chagallsansm.fr\/index.php\/wp-json\/wp\/v2\/pages\/1309\/revisions\/1517"}],"wp:attachment":[{"href":"https:\/\/www.chagallsansm.fr\/index.php\/wp-json\/wp\/v2\/media?parent=1309"}],"curies":[{"name":"wp","href":"https:\/\/api.w.org\/{rel}","templated":true}]}}